{"id":12,"date":"2019-06-27T10:40:16","date_gmt":"2019-06-27T08:40:16","guid":{"rendered":"https:\/\/scitope.com\/clic-2020\/?page_id=12"},"modified":"2021-05-14T01:14:46","modified_gmt":"2021-05-13T23:14:46","slug":"home","status":"publish","type":"page","link":"https:\/\/scitope.com\/clic-2020\/","title":{"rendered":"HOME"},"content":{"rendered":"<p>[vc_row][vc_column][vc_column_text]<\/p>\n<h2 style=\"text-align: center;\"><strong>THE THIRD CULTURAL LINGUISTICS INTERNATIONAL CONFERENCE (<\/strong><strong>CLIC-2021)<\/strong><\/h2>\n<h2 style=\"text-align: center;\"><strong>16-18 JUNE 2021, Budapest, Hungary<\/strong><\/h2>\n<h2 style=\"text-align: center;\"><strong>registration date: April 15, 2021<\/strong><\/h2>\n<h4 style=\"text-align: center;\"><em><strong>The authors of selected papers will be invited to publish in special issue of\u00a0<\/strong><\/em><strong>Cognitive Linguistic Studies <\/strong><em><strong>and further volumes by International publishers.<\/strong><\/em><\/h4>\n<h3 style=\"text-align: center;\"><\/h3>\n<p>[\/vc_column_text][vc_toggle title=&#8221;In memoriam Prof. Farzad Sharifian&#8221; style=&#8221;round&#8221; color=&#8221;black&#8221;]<\/p>\n<h1><img loading=\"lazy\" decoding=\"async\" class=\"aligncenter wp-image-188 size-full\" src=\"https:\/\/scitope.com\/clic-2020\/wp-content\/uploads\/2020\/06\/Dia2.jpg\" alt=\"\" width=\"1280\" height=\"720\" srcset=\"https:\/\/scitope.com\/clic-2020\/wp-content\/uploads\/2020\/06\/Dia2.jpg 1280w, https:\/\/scitope.com\/clic-2020\/wp-content\/uploads\/2020\/06\/Dia2-300x169.jpg 300w, https:\/\/scitope.com\/clic-2020\/wp-content\/uploads\/2020\/06\/Dia2-1024x576.jpg 1024w, https:\/\/scitope.com\/clic-2020\/wp-content\/uploads\/2020\/06\/Dia2-768x432.jpg 768w\" sizes=\"auto, (max-width: 1280px) 100vw, 1280px\" \/><\/h1>\n<p>[\/vc_toggle][\/vc_column][\/vc_row][vc_row][vc_column][vc_column_text]<\/p>\n<h2><strong>Keynote speakers<\/strong><\/h2>\n<p>[\/vc_column_text][vc_row_inner][vc_column_inner width=&#8221;1\/2&#8243;][vc_column_text]<\/p>\n<h4><a href=\"http:\/\/das.elte.hu\/content\/faculty\/kovecses\/\" target=\"_blank\" rel=\"noopener\">Professor Zolt\u00e1n K\u00f6vecses<\/a> | ELTE University, Hungary<\/h4>\n<p>[\/vc_column_text][\/vc_column_inner][vc_column_inner width=&#8221;1\/2&#8243;][vc_toggle title=&#8221;Metaphor in Cultural Evolution&#8221; style=&#8221;arrow&#8221; color=&#8221;orange&#8221; size=&#8221;sm&#8221;]Zolt\u00e1n K\u00f6vecses<br \/>\nE\u00f6tv\u00f6s Lor\u00e1nd University<br \/>\nBudapest<br \/>\nkovecses.zoltan@btk.elte.hu<\/p>\n<p>Cultures emerge when prehistoric humans begin to create imagined realities (i.e., realities that<br \/>\ndo not exist objectively) (Harari, 2015). These imagined realities are constituted by abstract<br \/>\nconcepts. As we know from conceptual metaphor theory (see, e.g., Lakoff and Johnson, 1980;<br \/>\nK\u00f6vecses, 2010), abstract concepts arise from more concrete concepts via figurative ways of<br \/>\nconceptualization, such as metonymy, metaphor, and blending. With the help of the concrete<br \/>\nconcepts that denote physical reality, people around the world create a large variety of<br \/>\nimagined realities, that is, cultures. The development of these cultures through time can be<br \/>\ncalled history.<br \/>\nHow did metaphor play a role in the emergence of cultures? I use \u201cextended conceptual<br \/>\nmetaphor theory\u201d (Extended CMT) (see K\u00f6vecses, 2015, 2020) to address this issue. There<br \/>\nare a number of more specific questions that need to be answered in such an undertaking.<br \/>\nThese include: Do we have any evidence for the existence of metaphorical thinking by early<br \/>\nhumans between roughly 30000 and 100000 years ago? What was the \u201centry level\u201d of<br \/>\nmetaphorical thinking as regards the participating conceptual structures \u2013 image schemas,<br \/>\nframes or something else? What kind of metaphors were used initially \u2013 correlation or<br \/>\nresemblance metaphors, or both? Did the emerging cultures share any forms of conceptual<br \/>\nmetaphors? How can we account for the apparent diversity of metaphorical thinking in later<br \/>\nperiods, but also maybe in the initial period of the emergence of metaphorical<br \/>\nconceptualization?<br \/>\nUnfortunately, in the talk, most of these questions will remain unanswered in a definitive way.<br \/>\nI raise them and provide some framework for their discussion in order to start dealing with<br \/>\nsuch issues in a principled way.<\/p>\n<p>References:<br \/>\nHarari, Yuval N. 2015. Sapiens. A brief history of humankind. London: Vintage.<br \/>\nK\u00f6vecses, Zolt\u00e1n. 2010. Metaphor. A practical introduction. New York and Oxford: Oxford<br \/>\nUniversity Press.<br \/>\nK\u00f6vecses, Zolt\u00e1n. 2015. Where metaphors come from. Reconsidering context in metaphor.<br \/>\nNew York and Oxford: Oxford University Press.<br \/>\nK\u00f6vecses, Zolt\u00e1n. 2020. Extended conceptual metaphor theory. Cambridge: Cambridge<br \/>\nUniversity Press.<br \/>\nLakoff, George and Mark Johnson. 1980. Metaphors we live by. Chicago: The University of<br \/>\nChicago Press.[\/vc_toggle][\/vc_column_inner][\/vc_row_inner][vc_row_inner][vc_column_inner width=&#8221;1\/2&#8243;][vc_column_text]<\/p>\n<h4><a href=\"https:\/\/drive.google.com\/file\/d\/15Xf6a4YYpjAl4Lt8ove66FVBjcWBiCO-\/view\" target=\"_blank\" rel=\"noopener\">Professor Barbara Lewandowska-Tomaszczyk<\/a> | State University of Applied Sciences in Konin, Poland<\/h4>\n<p>[\/vc_column_text][\/vc_column_inner][vc_column_inner width=&#8221;1\/2&#8243;][vc_toggle title=&#8221;Feet, Shoes , and Emotions in Cultural Conceptualizations&#8221; style=&#8221;arrow&#8221; color=&#8221;orange&#8221; size=&#8221;sm&#8221;]Barbara Lewandowska-Tomaszczyk<br \/>\nState University of Applied Sciences in Konin<\/p>\n<p>barbara.lewandowska.tomaszczyk@gmail.com<\/p>\n<p>The paper focuses on the phenomena of cultural foundations of the concepts of foot and shoes<br \/>\nand related forms in their onomasiological and semasiological perspectives. Physicality of the<br \/>\nhuman body and the processes of its conceptual embodiment as well as connected<br \/>\nemotionality on the one hand together with the contexts of cultural practices and artefacts<br \/>\ninvolving these forms on the other will be discussed and elaborated on in social cognitive<br \/>\ncontexts. Lexical forms concerning human body referring to legs and feet on the one hand as<br \/>\nwell as to shoeware on the other, are treated as broad meaning-building stimulators and<br \/>\npresented to support the constructing of culturally rich cognitive Image Schema<br \/>\nrepresentations and complex cultural conceptualizations. They emerge as a consequence of<br \/>\nthe dynamic usage models of these lexical forms in terms of accompanying emotion clusters,<br \/>\nrelated to each of the discussed concepts and relevant cultural scenarios. The framework<br \/>\nadopted for the analysis presents examples of multimodal types. Their analysis is carried out<br \/>\nin terms of interdisciplinary methodological instruments such as Cognitive Linguistic<br \/>\nconstrual and conceptualizations, relevant cultural schemas incorporating rich figurative<br \/>\nconstructions, social and historical models as well as emotion studies and corpus linguistic<br \/>\ntools, in particular usage frequency counts and collocational profiles. It is shown how the<br \/>\nrelevant cultural conceptualizations of the objects discussed come into existence as a result of<br \/>\ninteractions between members of a cultural group and are used in language and vision as<br \/>\nforms of particular prominence of the socio-cultural type.[\/vc_toggle][\/vc_column_inner][\/vc_row_inner][vc_row_inner][vc_column_inner width=&#8221;1\/2&#8243;][vc_column_text]<\/p>\n<h4><a href=\"http:\/\/www.se.cuhk.edu.hk\/people\/academic-staff\/prof-meng-mei-ling-helen\/\" target=\"_blank\" rel=\"noopener\">Professor Helen Meng<\/a> | Chinese University of Hong Kong, Hong Kong<\/h4>\n<p>[\/vc_column_text][\/vc_column_inner][vc_column_inner width=&#8221;1\/2&#8243;][vc_toggle title=&#8221;From Accented Speech to Code-Switching: Developing Spoken Language Technologies Across Cultures&#8221; style=&#8221;arrow&#8221; color=&#8221;orange&#8221; size=&#8221;sm&#8221;]Helen Meng<br \/>\nChinese University of Hong Kong<br \/>\ncuhk2.hmmeng@gmail.com<\/p>\n<p>Spoken language offers a remarkably rich medium for human-human communication. It encodes<br \/>\ninformation through acoustics, phonetics and linguistics about what we mean, who we are, how<br \/>\nwe feel, and the context surrounding us. As Hong Kong is situated at the confluence of western<br \/>\nand Asian cultures, we observe a preponderance of Chinese-accented English speech, as well as<br \/>\nChinese-English code-switched speech. This talk presents our group\u2019s research in the<br \/>\ndevelopment of spoken language technologies for recognition of Chinese-accented English<br \/>\nspeech, aimed at achieving mispronunciation detection and diagnoses to support computer-aided<br \/>\npronunciation training for raising English language proficiency. We will also present our work<br \/>\nin text-to-speech synthesis of Chinese-English code-switched speech using monolingual corpora<br \/>\nfrom different speakers, where the modeling needs to disentangle language and speaker<br \/>\ncharacteristics in the corpora.<\/p>\n<p>Biography:<br \/>\nHelen Meng is Patrick Huen Wing Ming Professor of Systems Engineering and Engineering<br \/>\nManagement at The Chinese University of Hong Kong (CUHK). Her research interests include<br \/>\nspeech and language technologies to support multilingual and multimodal human-computer<br \/>\ninteractions, eLearning and assistive technologies, as well as big data decision analytics using<br \/>\nAI. She leads the interdisciplinary research team that received the first Theme-based Research<br \/>\nScheme Project in Artificial Intelligence in 2019 from the HKSAR Government\u2019s Research<br \/>\nGrants Council. She is Chair of the Curriculum Development in the CUHK-JC AI4Future<br \/>\nProject, which has developed the courseware for pre-tertiary AI education being taught in a<br \/>\ngrowing number of participating secondary schools across Hong Kong.<br \/>\nHelen received all her degrees from MIT. She is the Founding Director of the CUHK<br \/>\nMinistry of Education (MoE)-Microsoft Key Laboratory for Human-Centric Computing and<br \/>\nInterface Technologies (since 2005), Tsinghua-CUHK Joint Research Center for Media<br \/>\nSciences, Technologies and Systems (since 2006), and Stanley Ho Big Data Decision Analytics<br \/>\nResearch Center (since 2013). Previously, she has served as CUHK Faculty of Engineering\u2019s<br \/>\nAssociate Dean (Research), Chairman of the Department of Systems Engineering and<br \/>\nEngineering Management, Editor-in-Chief of the IEEE Transactions on Audio, Speech and<br \/>\nLanguage Processing, Member of the IEEE Signal Processing Society Board of Governors,<\/p>\n<p>ISCA Board Member and presently member of the IEEE SPS Awards Board and ISCA<br \/>\nInternational Advisory Council. She was elected APSIPA\u2019s inaugural Distinguished Lecturer<br \/>\n2012-2013 and ISCA Distinguished Lecturer 2015-2016. Her awards include the Ministry of<br \/>\nEducation Higher Education Outstanding Scientific Research Output Award 2009, Microsoft<br \/>\nResearch Outstanding Collaborator Award 2016 (1 in 32 worldwide), IBM Faculty Award 2016,<br \/>\nHKPWE Outstanding Women Professionals and Entrepreneurs Award 2017 (1 in 20 since 1999),<br \/>\nHong Kong ICT Silver Award 2018 in Smart Inclusion, 2019 IEEE SPS Leo L. Beranek<br \/>\nMeritorious Service Award and various best paper awards.<br \/>\nHelen has served in a number of government appointments, which include memberships<br \/>\nin the Steering Committee of Hong Kong\u2019s Electronic Health Record Sharing, Social Welfare<br \/>\nDepartment\u2019s Joint Committee on Information Technology for the Social Welfare Sector and<br \/>\nAdvisory Committee on financing social welfare services. She is also a member of the AI4SDGs<br \/>\nAI for Children Working Group. Helen is a Fellow of IEEE, ISCA, HKIE and HKCS.[\/vc_toggle][\/vc_column_inner][\/vc_row_inner][vc_row_inner][vc_column_inner width=&#8221;1\/2&#8243;][vc_column_text]<\/p>\n<h4><a href=\"https:\/\/cognitivescience.ceu.edu\/people\/csaba-pleh\" target=\"_blank\" rel=\"noopener\">Professor Csaba Pl\u00e9h<\/a> | Central European University, Hungary<\/h4>\n<p>[\/vc_column_text][\/vc_column_inner][vc_column_inner width=&#8221;1\/2&#8243;][vc_toggle title=&#8221;The Issue of Linguistic and Cultural Relativity&#8221; style=&#8221;arrow&#8221; color=&#8221;orange&#8221; size=&#8221;sm&#8221;]Csaba Pl\u00e9h<\/p>\n<p>Department of Cognitive Science<br \/>\nCentral European University<br \/>\nBudapest<br \/>\npleh.csaba@gmail.com<\/p>\n<p>I shall start off from three approaches to the thought\/culture relations. One is unconstrained<br \/>\nuniversalism, the other is the assumption of qualitative differences between types of thoughts<br \/>\nthat would by some interpretations correspond to patterns of culture and finally, the third<br \/>\napproach allows a multiplicity of styles of thought that can be combined in flexible ways.<br \/>\nAs empirical illustration of these assumptions I shall first characterize some proposals for<br \/>\npostulating a perceptual, cultural and contextual analyticity\/holism strategy difference that is<br \/>\nmany times related to assume East\/West cultural differences. Then I shall move on to what<br \/>\nthe issue of linguistic relativity taught us about dangers of relating typological differences,<br \/>\nand even differences in processing regarding assumed overall geographic\/cultural differences.<br \/>\nOne example is the issue of spatial orientation and language use. Strong claims were made by<br \/>\nLevison hat language determines the use of egocentric versus allocentric ori8entation.<br \/>\nHungarian, with its strongly articulated egocentric spatial marking system in noun phrases is a<br \/>\nclear candidate for the use of egocentric frames of reference. Our data, however, collected by<br \/>\nRoz\u00e1lia Iv\u00e1dy and Gabriella Felh\u0151si challenge this view. I shall argue that language, way of<br \/>\nlife, age and education all contribute to the peculiar interface of spatial orientation and<br \/>\nlanguage.<br \/>\nI shall argue on the basis of our own researches and from studies of other groups for a<br \/>\nconstrained relativity view, and for a proposal that the processing differences are not<br \/>\nabsolutes.[\/vc_toggle][\/vc_column_inner][\/vc_row_inner][vc_row_inner][vc_column_inner width=&#8221;1\/2&#8243;][vc_column_text]<\/p>\n<h4><a href=\"https:\/\/www.uni-potsdam.de\/de\/iaa-dvel\/academic-staff\/prof-dr-hans-georg-wolf.html\" target=\"_blank\" rel=\"noopener\">Professor Hans-Georg Wolf <\/a>| University of Potsdam, Germany<\/h4>\n<p>[\/vc_column_text][\/vc_column_inner][vc_column_inner width=&#8221;1\/2&#8243;][vc_toggle title=&#8221;Cultural Linguistics: Some Disciplinary and Terminological Considerations&#8221; style=&#8221;arrow&#8221; color=&#8221;orange&#8221; size=&#8221;sm&#8221;]Hans-Georg Wolf<br \/>\nThe University of Potsdam<br \/>\nhgwolf@uni-potsdam.de<\/p>\n<p>The success of Cultural Linguistics as a far-reaching research paradigm has been due, to a<br \/>\nvast extent, to Sharifian\u2019s (e.g., 2003, 2011, 2015, 2017a\/b) integration of previous theoretical<br \/>\nconcepts, methods, and terminologies into a unified theoretical approach. However, this<br \/>\nprocess of integration, to my mind, has not been completed. In fact, in a couple of<br \/>\npublications (Wolf, Finzel, and Latic fc.; K\u00fchmstedt and Wolf fc.), I was about to enter into a<br \/>\nterminological debate with Farzad Sharifian, when he suddenly departed. In this paper, I<br \/>\nwould like to take up and systematize this debate. Primarily, as regards theory, I will focus on<br \/>\nthe relation of Cultural Linguistics to Cognitive Sociolinguistics, and as regards terminology<br \/>\n(and methodology), on the central concept of \u2018cultural conceptualization.\u2019 By doing so, I hope<br \/>\nto solidify the paradigm of Cultural Linguistics even more and to provide further<br \/>\nterminological refinements.[\/vc_toggle][\/vc_column_inner][\/vc_row_inner][\/vc_column][\/vc_row][vc_row][vc_column][vc_column_text]<\/p>\n<h2><strong>Scope<\/strong><\/h2>\n<p style=\"background: white; vertical-align: baseline; margin: 0cm 0cm 15.0pt 0cm;\"><span lang=\"EN-GB\" style=\"font-size: 9.0pt; font-family: 'Helvetica',sans-serif; color: #333333;\">Cultural Linguistics is an emerging field that focuses on the interrelation between language and cultural conceptualisations. Over the last decade or so, Cultural Linguistics has witnessed tremendous growth and development in terms of theory, methodology, and application. The Cultural Linguistic framework has been applied to a range of different phenomena within and beyond language, culture, and cognition, integrating the theory and methodological tools of various disciplines, such as cognitive psychology, Complexity Science, Distributed Cognition, and anthropology.<\/span><\/p>\n<p style=\"background: white; vertical-align: baseline; margin: 0cm 0cm 15.0pt 0cm;\"><span lang=\"EN-GB\" style=\"font-size: 9.0pt; font-family: 'Helvetica',sans-serif; color: #333333;\">Current research in Cultural Linguistics shows that its analytical framework can offer fruitful inquiries into research areas such as pragmatics, emotions, religion, political discourse, World Englishes, intercultural communication, and Teaching English as an International Language (TEIL). Within these domains, cultural conceptualisations manifest in the forms of cultural schemata, cultural metaphors and cultural categories.<\/span><\/p>\n<p style=\"background: white; vertical-align: baseline; margin: 0cm 0cm 15.0pt 0cm;\"><span lang=\"EN-GB\" style=\"font-size: 9.0pt; font-family: 'Helvetica',sans-serif; color: #333333;\">The conference welcomes presentations based on studies conducted from a Cultural Linguistic perspective, involving research into the nature of underlying cultural conceptualisations in language, the role of cultural conceptualisations in intercultural pragmatics, language development and language teaching. CLIC-2021 hopes to provide an interesting platform for researchers and academics interested in the proposed topics, detailed below:<\/span><\/p>\n<p>[\/vc_column_text][\/vc_column][\/vc_row][vc_row][vc_column][vc_column_text]<\/p>\n<h2><strong>TOPICS<\/strong><\/h2>\n<p>The conference is open to session proposals. Please send your proposal to: <a href=\"mailto:clic2020@scitope.com\">clic2020@scitope.com<\/a><\/p>\n<ul>\n<li>Language and cultural categorisation<\/li>\n<li>Metaphors across cultures<\/li>\n<li>Cultural conceptualisations and embodied language<\/li>\n<li>Language and cultural conceptualisations of emotion \/ religion \/ kinship \/ naming \/ animals etc.<\/li>\n<li>Intercultural re-conceptualisation<\/li>\n<li>Cultural conceptualisations in sign languages<\/li>\n<li>Cultural conceptualisations and syntax<\/li>\n<li>Cultural conceptualisations and pragmatics<\/li>\n<li>Cultural Linguistics and (im)politeness<\/li>\n<li>Cultural Linguistics and intercultural communication<\/li>\n<li>Cultural Linguistics and political discourse analysis<\/li>\n<li>Cultural Linguistics and World Englishes<\/li>\n<li>Cultural Linguistics and corpus linguistics<\/li>\n<li>Research methods in Cultural Linguistics<\/li>\n<li>Cultural Linguistics and learning\/teaching additional languages<\/li>\n<li>Cultural Linguistics and Teaching English as an International Language (TEIL)<\/li>\n<li>Cultural Linguistics and translation\/interpreting<\/li>\n<li>Diachronic Cultural Linguistics<\/li>\n<\/ul>\n<p>[\/vc_column_text][\/vc_column][\/vc_row][vc_row][vc_column][vc_column_text]Find us on the Sociolinguistic Events Calendar:\u00a0<a href=\"https:\/\/baal.org.uk\/resources\/slxevents\/\" target=\"_blank\" rel=\"noopener noreferrer\" data-saferedirecturl=\"https:\/\/www.google.com\/url?q=https:\/\/baal.org.uk\/resources\/slxevents\/&amp;source=gmail&amp;ust=1563528972837000&amp;usg=AFQjCNHZfstHaeFdWKqWMscPPTgWNTQXGw\">https:\/\/baal.org.uk\/<wbr \/>resources\/slxevents\/<\/a>[\/vc_column_text][\/vc_column][\/vc_row]<\/p>\n","protected":false},"excerpt":{"rendered":"<p>[vc_row][vc_column][vc_column_text] THE THIRD CULTURAL LINGUISTICS INTERNATIONAL CONFERENCE (CLIC-2021) 16-18 JUNE 2021, Budapest, Hungary registration date: April 15, 2021 The authors of selected papers will be invited to publish in special issue of\u00a0Cognitive Linguistic Studies and further volumes by International publishers. [\/vc_column_text][vc_toggle title=&#8221;In memoriam Prof. Farzad Sharifian&#8221; style=&#8221;round&#8221; color=&#8221;black&#8221;] [\/vc_toggle][\/vc_column][\/vc_row][vc_row][vc_column][vc_column_text] Keynote speakers [\/vc_column_text][vc_row_inner][vc_column_inner width=&#8221;1\/2&#8243;][vc_column_text] Professor Zolt\u00e1n [&hellip;]<\/p>\n","protected":false},"author":1,"featured_media":0,"parent":0,"menu_order":0,"comment_status":"closed","ping_status":"closed","template":"","meta":{"footnotes":""},"class_list":["post-12","page","type-page","status-publish","hentry"],"_links":{"self":[{"href":"https:\/\/scitope.com\/clic-2020\/index.php?rest_route=\/wp\/v2\/pages\/12","targetHints":{"allow":["GET"]}}],"collection":[{"href":"https:\/\/scitope.com\/clic-2020\/index.php?rest_route=\/wp\/v2\/pages"}],"about":[{"href":"https:\/\/scitope.com\/clic-2020\/index.php?rest_route=\/wp\/v2\/types\/page"}],"author":[{"embeddable":true,"href":"https:\/\/scitope.com\/clic-2020\/index.php?rest_route=\/wp\/v2\/users\/1"}],"replies":[{"embeddable":true,"href":"https:\/\/scitope.com\/clic-2020\/index.php?rest_route=%2Fwp%2Fv2%2Fcomments&post=12"}],"version-history":[{"count":70,"href":"https:\/\/scitope.com\/clic-2020\/index.php?rest_route=\/wp\/v2\/pages\/12\/revisions"}],"predecessor-version":[{"id":281,"href":"https:\/\/scitope.com\/clic-2020\/index.php?rest_route=\/wp\/v2\/pages\/12\/revisions\/281"}],"wp:attachment":[{"href":"https:\/\/scitope.com\/clic-2020\/index.php?rest_route=%2Fwp%2Fv2%2Fmedia&parent=12"}],"curies":[{"name":"wp","href":"https:\/\/api.w.org\/{rel}","templated":true}]}}